{"id":6081,"date":"2022-07-22T14:18:47","date_gmt":"2022-07-22T12:18:47","guid":{"rendered":"https:\/\/invido.de\/meubles-sur-mesure\/solitaire\/tv-moebel\/"},"modified":"2022-07-29T15:09:21","modified_gmt":"2022-07-29T13:09:21","slug":"meubles-tv","status":"publish","type":"page","link":"https:\/\/invido.de\/fr\/meubles-sur-mesure\/solitaire\/meubles-tv\/","title":{"rendered":"Meubles TV"},"content":{"rendered":"<h3>TV dans le meuble ou meuble \u00ab\u00a0autour de la TV\u00a0\u00bb \u2013 les \u00e9crans sont aujourd&rsquo;hui int\u00e9gr\u00e9s dans une ambiance d&rsquo;habitation contemporaine.<\/h3>\n<p>Un meuble unique adapt\u00e9 \u00e0 toutes les tailles d&rsquo;\u00e9cran est con\u00e7u de mani\u00e8re cr\u00e9ative. Les meubles TV peuvent \u00eatre int\u00e9gr\u00e9s dans des biblioth\u00e8ques. Il est \u00e9galement possible de concevoir des meubles combinant des meubles verticaux et des meubles suspendus. Si la technique ne doit pas toujours \u00eatre visible, des portes coulissantes adapt\u00e9es \u00e0 l&rsquo;optique permettent de dissimuler l&rsquo;\u00e9quipement.<\/p>\n","protected":false},"excerpt":{"rendered":"<p>TV dans le meuble ou meuble \u00ab\u00a0autour de la TV\u00a0\u00bb \u2013 les \u00e9crans sont aujourd&rsquo;hui int\u00e9gr\u00e9s dans une ambiance d&rsquo;habitation contemporaine. Un meuble unique adapt\u00e9 \u00e0 toutes les tailles d&rsquo;\u00e9cran est con\u00e7u de mani\u00e8re cr\u00e9ative. Les meubles TV peuvent \u00eatre int\u00e9gr\u00e9s dans des biblioth\u00e8ques. Il est \u00e9galement possible de concevoir des meubles combinant des meubles &hellip;<\/p>\n","protected":false},"author":1,"featured_media":5230,"parent":5012,"menu_order":4,"comment_status":"closed","ping_status":"closed","template":"","meta":{"footnotes":""},"class_list":["post-6081","page","type-page","status-publish","has-post-thumbnail"],"yoast_head":"<!-- This site is optimized with the Yoast SEO plugin v26.2 - https:\/\/yoast.com\/wordpress\/plugins\/seo\/ -->\n<title>Meubles TV - InVIDO<\/title>\n<meta name=\"robots\" content=\"index, follow, max-snippet:-1, max-image-preview:large, max-video-preview:-1\" \/>\n<link rel=\"canonical\" href=\"https:\/\/invido.de\/fr\/meubles-sur-mesure\/solitaire\/meubles-tv\/\" \/>\n<meta property=\"og:locale\" content=\"fr_FR\" \/>\n<meta property=\"og:type\" content=\"article\" \/>\n<meta property=\"og:title\" content=\"Meubles TV - InVIDO\" \/>\n<meta property=\"og:description\" content=\"TV dans le meuble ou meuble \u00ab\u00a0autour de la TV\u00a0\u00bb \u2013 les \u00e9crans sont aujourd&rsquo;hui int\u00e9gr\u00e9s dans une ambiance d&rsquo;habitation contemporaine. Un meuble unique adapt\u00e9 \u00e0 toutes les tailles d&rsquo;\u00e9cran est con\u00e7u de mani\u00e8re cr\u00e9ative. Les meubles TV peuvent \u00eatre int\u00e9gr\u00e9s dans des biblioth\u00e8ques. Il est \u00e9galement possible de concevoir des meubles combinant des meubles &hellip;\" \/>\n<meta property=\"og:url\" content=\"https:\/\/invido.de\/fr\/meubles-sur-mesure\/solitaire\/meubles-tv\/\" \/>\n<meta property=\"og:site_name\" content=\"InVIDO\" \/>\n<meta property=\"article:modified_time\" content=\"2022-07-29T13:09:21+00:00\" \/>\n<meta property=\"og:image\" content=\"https:\/\/invido.de\/media\/2022\/07\/1-tv_wand-wohnen-appartement-loft-invido.jpg\" \/>\n\t<meta property=\"og:image:width\" content=\"2000\" \/>\n\t<meta property=\"og:image:height\" content=\"1359\" \/>\n\t<meta property=\"og:image:type\" content=\"image\/jpeg\" \/>\n<meta name=\"twitter:card\" content=\"summary_large_image\" \/>\n<script type=\"application\/ld+json\" class=\"yoast-schema-graph\">{\"@context\":\"https:\/\/schema.org\",\"@graph\":[{\"@type\":\"WebPage\",\"@id\":\"https:\/\/invido.de\/fr\/meubles-sur-mesure\/solitaire\/meubles-tv\/\",\"url\":\"https:\/\/invido.de\/fr\/meubles-sur-mesure\/solitaire\/meubles-tv\/\",\"name\":\"Meubles TV - InVIDO\",\"isPartOf\":{\"@id\":\"https:\/\/invido.de\/fr\/#website\"},\"primaryImageOfPage\":{\"@id\":\"https:\/\/invido.de\/fr\/meubles-sur-mesure\/solitaire\/meubles-tv\/#primaryimage\"},\"image\":{\"@id\":\"https:\/\/invido.de\/fr\/meubles-sur-mesure\/solitaire\/meubles-tv\/#primaryimage\"},\"thumbnailUrl\":\"https:\/\/invido.de\/media\/2022\/07\/1-tv_wand-wohnen-appartement-loft-invido.jpg\",\"datePublished\":\"2022-07-22T12:18:47+00:00\",\"dateModified\":\"2022-07-29T13:09:21+00:00\",\"breadcrumb\":{\"@id\":\"https:\/\/invido.de\/fr\/meubles-sur-mesure\/solitaire\/meubles-tv\/#breadcrumb\"},\"inLanguage\":\"fr-FR\",\"potentialAction\":[{\"@type\":\"ReadAction\",\"target\":[\"https:\/\/invido.de\/fr\/meubles-sur-mesure\/solitaire\/meubles-tv\/\"]}]},{\"@type\":\"ImageObject\",\"inLanguage\":\"fr-FR\",\"@id\":\"https:\/\/invido.de\/fr\/meubles-sur-mesure\/solitaire\/meubles-tv\/#primaryimage\",\"url\":\"https:\/\/invido.de\/media\/2022\/07\/1-tv_wand-wohnen-appartement-loft-invido.jpg\",\"contentUrl\":\"https:\/\/invido.de\/media\/2022\/07\/1-tv_wand-wohnen-appartement-loft-invido.jpg\",\"width\":2000,\"height\":1359},{\"@type\":\"BreadcrumbList\",\"@id\":\"https:\/\/invido.de\/fr\/meubles-sur-mesure\/solitaire\/meubles-tv\/#breadcrumb\",\"itemListElement\":[{\"@type\":\"ListItem\",\"position\":1,\"name\":\"Startseite\",\"item\":\"https:\/\/invido.de\/fr\/\"},{\"@type\":\"ListItem\",\"position\":2,\"name\":\"Meubles sur mesure\",\"item\":\"https:\/\/invido.de\/fr\/meubles-sur-mesure\/\"},{\"@type\":\"ListItem\",\"position\":3,\"name\":\"Meubles solitaires\",\"item\":\"https:\/\/invido.de\/fr\/meubles-sur-mesure\/solitaire\/\"},{\"@type\":\"ListItem\",\"position\":4,\"name\":\"Meubles TV\"}]},{\"@type\":\"WebSite\",\"@id\":\"https:\/\/invido.de\/fr\/#website\",\"url\":\"https:\/\/invido.de\/fr\/\",\"name\":\"InVIDO\",\"description\":\"\",\"potentialAction\":[{\"@type\":\"SearchAction\",\"target\":{\"@type\":\"EntryPoint\",\"urlTemplate\":\"https:\/\/invido.de\/fr\/?s={search_term_string}\"},\"query-input\":{\"@type\":\"PropertyValueSpecification\",\"valueRequired\":true,\"valueName\":\"search_term_string\"}}],\"inLanguage\":\"fr-FR\"}]}<\/script>\n<!-- \/ Yoast SEO plugin. -->","yoast_head_json":{"title":"Meubles TV - InVIDO","robots":{"index":"index","follow":"follow","max-snippet":"max-snippet:-1","max-image-preview":"max-image-preview:large","max-video-preview":"max-video-preview:-1"},"canonical":"https:\/\/invido.de\/fr\/meubles-sur-mesure\/solitaire\/meubles-tv\/","og_locale":"fr_FR","og_type":"article","og_title":"Meubles TV - InVIDO","og_description":"TV dans le meuble ou meuble \u00ab\u00a0autour de la TV\u00a0\u00bb \u2013 les \u00e9crans sont aujourd&rsquo;hui int\u00e9gr\u00e9s dans une ambiance d&rsquo;habitation contemporaine. Un meuble unique adapt\u00e9 \u00e0 toutes les tailles d&rsquo;\u00e9cran est con\u00e7u de mani\u00e8re cr\u00e9ative. Les meubles TV peuvent \u00eatre int\u00e9gr\u00e9s dans des biblioth\u00e8ques. Il est \u00e9galement possible de concevoir des meubles combinant des meubles &hellip;","og_url":"https:\/\/invido.de\/fr\/meubles-sur-mesure\/solitaire\/meubles-tv\/","og_site_name":"InVIDO","article_modified_time":"2022-07-29T13:09:21+00:00","og_image":[{"width":2000,"height":1359,"url":"https:\/\/invido.de\/media\/2022\/07\/1-tv_wand-wohnen-appartement-loft-invido.jpg","type":"image\/jpeg"}],"twitter_card":"summary_large_image","schema":{"@context":"https:\/\/schema.org","@graph":[{"@type":"WebPage","@id":"https:\/\/invido.de\/fr\/meubles-sur-mesure\/solitaire\/meubles-tv\/","url":"https:\/\/invido.de\/fr\/meubles-sur-mesure\/solitaire\/meubles-tv\/","name":"Meubles TV - InVIDO","isPartOf":{"@id":"https:\/\/invido.de\/fr\/#website"},"primaryImageOfPage":{"@id":"https:\/\/invido.de\/fr\/meubles-sur-mesure\/solitaire\/meubles-tv\/#primaryimage"},"image":{"@id":"https:\/\/invido.de\/fr\/meubles-sur-mesure\/solitaire\/meubles-tv\/#primaryimage"},"thumbnailUrl":"https:\/\/invido.de\/media\/2022\/07\/1-tv_wand-wohnen-appartement-loft-invido.jpg","datePublished":"2022-07-22T12:18:47+00:00","dateModified":"2022-07-29T13:09:21+00:00","breadcrumb":{"@id":"https:\/\/invido.de\/fr\/meubles-sur-mesure\/solitaire\/meubles-tv\/#breadcrumb"},"inLanguage":"fr-FR","potentialAction":[{"@type":"ReadAction","target":["https:\/\/invido.de\/fr\/meubles-sur-mesure\/solitaire\/meubles-tv\/"]}]},{"@type":"ImageObject","inLanguage":"fr-FR","@id":"https:\/\/invido.de\/fr\/meubles-sur-mesure\/solitaire\/meubles-tv\/#primaryimage","url":"https:\/\/invido.de\/media\/2022\/07\/1-tv_wand-wohnen-appartement-loft-invido.jpg","contentUrl":"https:\/\/invido.de\/media\/2022\/07\/1-tv_wand-wohnen-appartement-loft-invido.jpg","width":2000,"height":1359},{"@type":"BreadcrumbList","@id":"https:\/\/invido.de\/fr\/meubles-sur-mesure\/solitaire\/meubles-tv\/#breadcrumb","itemListElement":[{"@type":"ListItem","position":1,"name":"Startseite","item":"https:\/\/invido.de\/fr\/"},{"@type":"ListItem","position":2,"name":"Meubles sur mesure","item":"https:\/\/invido.de\/fr\/meubles-sur-mesure\/"},{"@type":"ListItem","position":3,"name":"Meubles solitaires","item":"https:\/\/invido.de\/fr\/meubles-sur-mesure\/solitaire\/"},{"@type":"ListItem","position":4,"name":"Meubles TV"}]},{"@type":"WebSite","@id":"https:\/\/invido.de\/fr\/#website","url":"https:\/\/invido.de\/fr\/","name":"InVIDO","description":"","potentialAction":[{"@type":"SearchAction","target":{"@type":"EntryPoint","urlTemplate":"https:\/\/invido.de\/fr\/?s={search_term_string}"},"query-input":{"@type":"PropertyValueSpecification","valueRequired":true,"valueName":"search_term_string"}}],"inLanguage":"fr-FR"}]}},"_links":{"self":[{"href":"https:\/\/invido.de\/fr\/wp-json\/wp\/v2\/pages\/6081","targetHints":{"allow":["GET"]}}],"collection":[{"href":"https:\/\/invido.de\/fr\/wp-json\/wp\/v2\/pages"}],"about":[{"href":"https:\/\/invido.de\/fr\/wp-json\/wp\/v2\/types\/page"}],"author":[{"embeddable":true,"href":"https:\/\/invido.de\/fr\/wp-json\/wp\/v2\/users\/1"}],"replies":[{"embeddable":true,"href":"https:\/\/invido.de\/fr\/wp-json\/wp\/v2\/comments?post=6081"}],"version-history":[{"count":1,"href":"https:\/\/invido.de\/fr\/wp-json\/wp\/v2\/pages\/6081\/revisions"}],"predecessor-version":[{"id":6084,"href":"https:\/\/invido.de\/fr\/wp-json\/wp\/v2\/pages\/6081\/revisions\/6084"}],"up":[{"embeddable":true,"href":"https:\/\/invido.de\/fr\/wp-json\/wp\/v2\/pages\/5012"}],"wp:featuredmedia":[{"embeddable":true,"href":"https:\/\/invido.de\/fr\/wp-json\/wp\/v2\/media\/5230"}],"wp:attachment":[{"href":"https:\/\/invido.de\/fr\/wp-json\/wp\/v2\/media?parent=6081"}],"curies":[{"name":"wp","href":"https:\/\/api.w.org\/{rel}","templated":true}]}}