{"id":6093,"date":"2022-07-22T14:25:55","date_gmt":"2022-07-22T12:25:55","guid":{"rendered":"https:\/\/invido.de\/meubles-sur-mesure\/solitaire\/regale\/"},"modified":"2022-07-29T16:35:14","modified_gmt":"2022-07-29T14:35:14","slug":"etageres","status":"publish","type":"page","link":"https:\/\/invido.de\/fr\/meubles-sur-mesure\/meubles-encastres\/etageres\/","title":{"rendered":"\u00c9tag\u00e8res"},"content":{"rendered":"<p>Les \u00e9tag\u00e8res sont un compagnon indispensable et universel pour toutes les pi\u00e8ces \u00e0 vivre et tous les espaces de vie au potentiel d&rsquo;am\u00e9nagement vari\u00e9. Qu&rsquo;elle soit haute ou basse, profonde ou \u00e9troite, une \u00e9tag\u00e8re est toujours un bon choix de mobilier et d&rsquo;am\u00e9nagement individuel sur mesure. Selon l&rsquo;utilisation, il est possible de choisir des mat\u00e9riaux de haute qualit\u00e9 ou des surfaces r\u00e9sistantes en d\u00e9cor m\u00e9lamin\u00e9. Le placage en bois v\u00e9ritable, les accents lumineux et le verre permettent de cr\u00e9er des murs de salon et des biblioth\u00e8ques raffin\u00e9s qui invitent \u00e0 la d\u00e9tente et \u00e0 la lecture. Dans de nombreux espaces de vie comme la cuisine, la chambre d&rsquo;enfant, l&rsquo;entr\u00e9e ou le bureau, les \u00e9tag\u00e8res aux surfaces r\u00e9sistantes permettent une bonne organisation et un bon rangement au quotidien.<\/p>\n","protected":false},"excerpt":{"rendered":"<p>Les \u00e9tag\u00e8res sont un compagnon indispensable et universel pour toutes les pi\u00e8ces \u00e0 vivre et tous les espaces de vie au potentiel d&rsquo;am\u00e9nagement vari\u00e9. Qu&rsquo;elle soit haute ou basse, profonde ou \u00e9troite, une \u00e9tag\u00e8re est toujours un bon choix de mobilier et d&rsquo;am\u00e9nagement individuel sur mesure. Selon l&rsquo;utilisation, il est possible de choisir des mat\u00e9riaux &hellip;<\/p>\n","protected":false},"author":1,"featured_media":5274,"parent":1978,"menu_order":4,"comment_status":"closed","ping_status":"closed","template":"","meta":{"footnotes":""},"class_list":["post-6093","page","type-page","status-publish","has-post-thumbnail"],"yoast_head":"<!-- This site is optimized with the Yoast SEO plugin v26.2 - https:\/\/yoast.com\/wordpress\/plugins\/seo\/ -->\n<title>\u00c9tag\u00e8res - InVIDO<\/title>\n<meta name=\"robots\" content=\"index, follow, max-snippet:-1, max-image-preview:large, max-video-preview:-1\" \/>\n<link rel=\"canonical\" href=\"https:\/\/invido.de\/fr\/meubles-sur-mesure\/meubles-encastres\/etageres\/\" \/>\n<meta property=\"og:locale\" content=\"fr_FR\" \/>\n<meta property=\"og:type\" content=\"article\" \/>\n<meta property=\"og:title\" content=\"\u00c9tag\u00e8res - InVIDO\" \/>\n<meta property=\"og:description\" content=\"Les \u00e9tag\u00e8res sont un compagnon indispensable et universel pour toutes les pi\u00e8ces \u00e0 vivre et tous les espaces de vie au potentiel d&rsquo;am\u00e9nagement vari\u00e9. Qu&rsquo;elle soit haute ou basse, profonde ou \u00e9troite, une \u00e9tag\u00e8re est toujours un bon choix de mobilier et d&rsquo;am\u00e9nagement individuel sur mesure. Selon l&rsquo;utilisation, il est possible de choisir des mat\u00e9riaux &hellip;\" \/>\n<meta property=\"og:url\" content=\"https:\/\/invido.de\/fr\/meubles-sur-mesure\/meubles-encastres\/etageres\/\" \/>\n<meta property=\"og:site_name\" content=\"InVIDO\" \/>\n<meta property=\"article:modified_time\" content=\"2022-07-29T14:35:14+00:00\" \/>\n<meta property=\"og:image\" content=\"https:\/\/invido.de\/media\/2022\/07\/1-wohnzimmer-regal-raumteiler-nach_mass-invido.jpg\" \/>\n\t<meta property=\"og:image:width\" content=\"2000\" \/>\n\t<meta property=\"og:image:height\" content=\"1334\" \/>\n\t<meta property=\"og:image:type\" content=\"image\/jpeg\" \/>\n<meta name=\"twitter:card\" content=\"summary_large_image\" \/>\n<meta name=\"twitter:label1\" content=\"Dur\u00e9e de lecture estim\u00e9e\" \/>\n\t<meta name=\"twitter:data1\" content=\"1 minute\" \/>\n<script type=\"application\/ld+json\" class=\"yoast-schema-graph\">{\"@context\":\"https:\/\/schema.org\",\"@graph\":[{\"@type\":\"WebPage\",\"@id\":\"https:\/\/invido.de\/fr\/meubles-sur-mesure\/meubles-encastres\/etageres\/\",\"url\":\"https:\/\/invido.de\/fr\/meubles-sur-mesure\/meubles-encastres\/etageres\/\",\"name\":\"\u00c9tag\u00e8res - InVIDO\",\"isPartOf\":{\"@id\":\"https:\/\/invido.de\/fr\/#website\"},\"primaryImageOfPage\":{\"@id\":\"https:\/\/invido.de\/fr\/meubles-sur-mesure\/meubles-encastres\/etageres\/#primaryimage\"},\"image\":{\"@id\":\"https:\/\/invido.de\/fr\/meubles-sur-mesure\/meubles-encastres\/etageres\/#primaryimage\"},\"thumbnailUrl\":\"https:\/\/invido.de\/media\/2022\/07\/1-wohnzimmer-regal-raumteiler-nach_mass-invido.jpg\",\"datePublished\":\"2022-07-22T12:25:55+00:00\",\"dateModified\":\"2022-07-29T14:35:14+00:00\",\"breadcrumb\":{\"@id\":\"https:\/\/invido.de\/fr\/meubles-sur-mesure\/meubles-encastres\/etageres\/#breadcrumb\"},\"inLanguage\":\"fr-FR\",\"potentialAction\":[{\"@type\":\"ReadAction\",\"target\":[\"https:\/\/invido.de\/fr\/meubles-sur-mesure\/meubles-encastres\/etageres\/\"]}]},{\"@type\":\"ImageObject\",\"inLanguage\":\"fr-FR\",\"@id\":\"https:\/\/invido.de\/fr\/meubles-sur-mesure\/meubles-encastres\/etageres\/#primaryimage\",\"url\":\"https:\/\/invido.de\/media\/2022\/07\/1-wohnzimmer-regal-raumteiler-nach_mass-invido.jpg\",\"contentUrl\":\"https:\/\/invido.de\/media\/2022\/07\/1-wohnzimmer-regal-raumteiler-nach_mass-invido.jpg\",\"width\":2000,\"height\":1334},{\"@type\":\"BreadcrumbList\",\"@id\":\"https:\/\/invido.de\/fr\/meubles-sur-mesure\/meubles-encastres\/etageres\/#breadcrumb\",\"itemListElement\":[{\"@type\":\"ListItem\",\"position\":1,\"name\":\"Startseite\",\"item\":\"https:\/\/invido.de\/fr\/\"},{\"@type\":\"ListItem\",\"position\":2,\"name\":\"Meubles sur mesure\",\"item\":\"https:\/\/invido.de\/fr\/meubles-sur-mesure\/\"},{\"@type\":\"ListItem\",\"position\":3,\"name\":\"Agencements\",\"item\":\"https:\/\/invido.de\/fr\/meubles-sur-mesure\/meubles-encastres\/\"},{\"@type\":\"ListItem\",\"position\":4,\"name\":\"\u00c9tag\u00e8res\"}]},{\"@type\":\"WebSite\",\"@id\":\"https:\/\/invido.de\/fr\/#website\",\"url\":\"https:\/\/invido.de\/fr\/\",\"name\":\"InVIDO\",\"description\":\"\",\"potentialAction\":[{\"@type\":\"SearchAction\",\"target\":{\"@type\":\"EntryPoint\",\"urlTemplate\":\"https:\/\/invido.de\/fr\/?s={search_term_string}\"},\"query-input\":{\"@type\":\"PropertyValueSpecification\",\"valueRequired\":true,\"valueName\":\"search_term_string\"}}],\"inLanguage\":\"fr-FR\"}]}<\/script>\n<!-- \/ Yoast SEO plugin. -->","yoast_head_json":{"title":"\u00c9tag\u00e8res - InVIDO","robots":{"index":"index","follow":"follow","max-snippet":"max-snippet:-1","max-image-preview":"max-image-preview:large","max-video-preview":"max-video-preview:-1"},"canonical":"https:\/\/invido.de\/fr\/meubles-sur-mesure\/meubles-encastres\/etageres\/","og_locale":"fr_FR","og_type":"article","og_title":"\u00c9tag\u00e8res - InVIDO","og_description":"Les \u00e9tag\u00e8res sont un compagnon indispensable et universel pour toutes les pi\u00e8ces \u00e0 vivre et tous les espaces de vie au potentiel d&rsquo;am\u00e9nagement vari\u00e9. Qu&rsquo;elle soit haute ou basse, profonde ou \u00e9troite, une \u00e9tag\u00e8re est toujours un bon choix de mobilier et d&rsquo;am\u00e9nagement individuel sur mesure. Selon l&rsquo;utilisation, il est possible de choisir des mat\u00e9riaux &hellip;","og_url":"https:\/\/invido.de\/fr\/meubles-sur-mesure\/meubles-encastres\/etageres\/","og_site_name":"InVIDO","article_modified_time":"2022-07-29T14:35:14+00:00","og_image":[{"width":2000,"height":1334,"url":"https:\/\/invido.de\/media\/2022\/07\/1-wohnzimmer-regal-raumteiler-nach_mass-invido.jpg","type":"image\/jpeg"}],"twitter_card":"summary_large_image","twitter_misc":{"Dur\u00e9e de lecture estim\u00e9e":"1 minute"},"schema":{"@context":"https:\/\/schema.org","@graph":[{"@type":"WebPage","@id":"https:\/\/invido.de\/fr\/meubles-sur-mesure\/meubles-encastres\/etageres\/","url":"https:\/\/invido.de\/fr\/meubles-sur-mesure\/meubles-encastres\/etageres\/","name":"\u00c9tag\u00e8res - InVIDO","isPartOf":{"@id":"https:\/\/invido.de\/fr\/#website"},"primaryImageOfPage":{"@id":"https:\/\/invido.de\/fr\/meubles-sur-mesure\/meubles-encastres\/etageres\/#primaryimage"},"image":{"@id":"https:\/\/invido.de\/fr\/meubles-sur-mesure\/meubles-encastres\/etageres\/#primaryimage"},"thumbnailUrl":"https:\/\/invido.de\/media\/2022\/07\/1-wohnzimmer-regal-raumteiler-nach_mass-invido.jpg","datePublished":"2022-07-22T12:25:55+00:00","dateModified":"2022-07-29T14:35:14+00:00","breadcrumb":{"@id":"https:\/\/invido.de\/fr\/meubles-sur-mesure\/meubles-encastres\/etageres\/#breadcrumb"},"inLanguage":"fr-FR","potentialAction":[{"@type":"ReadAction","target":["https:\/\/invido.de\/fr\/meubles-sur-mesure\/meubles-encastres\/etageres\/"]}]},{"@type":"ImageObject","inLanguage":"fr-FR","@id":"https:\/\/invido.de\/fr\/meubles-sur-mesure\/meubles-encastres\/etageres\/#primaryimage","url":"https:\/\/invido.de\/media\/2022\/07\/1-wohnzimmer-regal-raumteiler-nach_mass-invido.jpg","contentUrl":"https:\/\/invido.de\/media\/2022\/07\/1-wohnzimmer-regal-raumteiler-nach_mass-invido.jpg","width":2000,"height":1334},{"@type":"BreadcrumbList","@id":"https:\/\/invido.de\/fr\/meubles-sur-mesure\/meubles-encastres\/etageres\/#breadcrumb","itemListElement":[{"@type":"ListItem","position":1,"name":"Startseite","item":"https:\/\/invido.de\/fr\/"},{"@type":"ListItem","position":2,"name":"Meubles sur mesure","item":"https:\/\/invido.de\/fr\/meubles-sur-mesure\/"},{"@type":"ListItem","position":3,"name":"Agencements","item":"https:\/\/invido.de\/fr\/meubles-sur-mesure\/meubles-encastres\/"},{"@type":"ListItem","position":4,"name":"\u00c9tag\u00e8res"}]},{"@type":"WebSite","@id":"https:\/\/invido.de\/fr\/#website","url":"https:\/\/invido.de\/fr\/","name":"InVIDO","description":"","potentialAction":[{"@type":"SearchAction","target":{"@type":"EntryPoint","urlTemplate":"https:\/\/invido.de\/fr\/?s={search_term_string}"},"query-input":{"@type":"PropertyValueSpecification","valueRequired":true,"valueName":"search_term_string"}}],"inLanguage":"fr-FR"}]}},"_links":{"self":[{"href":"https:\/\/invido.de\/fr\/wp-json\/wp\/v2\/pages\/6093","targetHints":{"allow":["GET"]}}],"collection":[{"href":"https:\/\/invido.de\/fr\/wp-json\/wp\/v2\/pages"}],"about":[{"href":"https:\/\/invido.de\/fr\/wp-json\/wp\/v2\/types\/page"}],"author":[{"embeddable":true,"href":"https:\/\/invido.de\/fr\/wp-json\/wp\/v2\/users\/1"}],"replies":[{"embeddable":true,"href":"https:\/\/invido.de\/fr\/wp-json\/wp\/v2\/comments?post=6093"}],"version-history":[{"count":1,"href":"https:\/\/invido.de\/fr\/wp-json\/wp\/v2\/pages\/6093\/revisions"}],"predecessor-version":[{"id":6096,"href":"https:\/\/invido.de\/fr\/wp-json\/wp\/v2\/pages\/6093\/revisions\/6096"}],"up":[{"embeddable":true,"href":"https:\/\/invido.de\/fr\/wp-json\/wp\/v2\/pages\/1978"}],"wp:featuredmedia":[{"embeddable":true,"href":"https:\/\/invido.de\/fr\/wp-json\/wp\/v2\/media\/5274"}],"wp:attachment":[{"href":"https:\/\/invido.de\/fr\/wp-json\/wp\/v2\/media?parent=6093"}],"curies":[{"name":"wp","href":"https:\/\/api.w.org\/{rel}","templated":true}]}}