{"id":6099,"date":"2022-07-22T14:30:30","date_gmt":"2022-07-22T12:30:30","guid":{"rendered":"https:\/\/invido.de\/meubles-sur-mesure\/solitaire\/bueromoebel\/"},"modified":"2022-07-29T16:37:56","modified_gmt":"2022-07-29T14:37:56","slug":"meubles-de-bureau","status":"publish","type":"page","link":"https:\/\/invido.de\/fr\/meubles-sur-mesure\/meubles-encastres\/meubles-de-bureau\/","title":{"rendered":"Meubles de bureau"},"content":{"rendered":"<p>Qu&rsquo;il s&rsquo;agisse d&rsquo;un poste de travail d&rsquo;entreprise ou d&rsquo;un bureau \u00e0 domicile, le bureau moderne allie fonctionnalit\u00e9 et ergonomie \u00e0 un design attrayant pour une atmosph\u00e8re de travail propice \u00e0 l&rsquo;inspiration.<\/p>\n<p>Le bureau sur mesure devient un espace cr\u00e9atif. Les \u00e9tag\u00e8res, armoires ou plateaux de table r\u00e9sistent \u00e0 toutes les charges gr\u00e2ce \u00e0 des mat\u00e9riaux de diff\u00e9rentes \u00e9paisseurs pour les dossiers, les livres ou la technique. Les armoires sur roulettes et les caissons offrent de la flexibilit\u00e9 pour chaque t\u00e2che de travail.<\/p>\n<p>Les meubles de bureau n\u00e9cessitent des raccordements variables pour la technique. Les passages de c\u00e2bles dans les plateaux de table, les armoires ou les \u00e9tag\u00e8res assurent l&rsquo;ordre et cachent de mani\u00e8re invisible les c\u00e2bles d&rsquo;alimentation n\u00e9cessaires pour les ordinateurs, les \u00e9crans et les imprimantes.<\/p>\n<p>Les portes coulissantes offrent une s\u00e9paration optimale des zones de travail, permettent de travailler en toute tranquillit\u00e9 ou s&rsquo;ouvrent pour permettre un travail cr\u00e9atif en \u00e9quipe.<\/p>\n","protected":false},"excerpt":{"rendered":"<p>Qu&rsquo;il s&rsquo;agisse d&rsquo;un poste de travail d&rsquo;entreprise ou d&rsquo;un bureau \u00e0 domicile, le bureau moderne allie fonctionnalit\u00e9 et ergonomie \u00e0 un design attrayant pour une atmosph\u00e8re de travail propice \u00e0 l&rsquo;inspiration. Le bureau sur mesure devient un espace cr\u00e9atif. Les \u00e9tag\u00e8res, armoires ou plateaux de table r\u00e9sistent \u00e0 toutes les charges gr\u00e2ce \u00e0 des mat\u00e9riaux &hellip;<\/p>\n","protected":false},"author":1,"featured_media":5328,"parent":1978,"menu_order":5,"comment_status":"closed","ping_status":"closed","template":"","meta":{"footnotes":""},"class_list":["post-6099","page","type-page","status-publish","has-post-thumbnail"],"yoast_head":"<!-- This site is optimized with the Yoast SEO plugin v26.2 - https:\/\/yoast.com\/wordpress\/plugins\/seo\/ -->\n<title>Meubles de bureau - InVIDO<\/title>\n<meta name=\"robots\" content=\"index, follow, max-snippet:-1, max-image-preview:large, max-video-preview:-1\" \/>\n<link rel=\"canonical\" href=\"https:\/\/invido.de\/fr\/meubles-sur-mesure\/meubles-encastres\/meubles-de-bureau\/\" \/>\n<meta property=\"og:locale\" content=\"fr_FR\" \/>\n<meta property=\"og:type\" content=\"article\" \/>\n<meta property=\"og:title\" content=\"Meubles de bureau - InVIDO\" \/>\n<meta property=\"og:description\" content=\"Qu&rsquo;il s&rsquo;agisse d&rsquo;un poste de travail d&rsquo;entreprise ou d&rsquo;un bureau \u00e0 domicile, le bureau moderne allie fonctionnalit\u00e9 et ergonomie \u00e0 un design attrayant pour une atmosph\u00e8re de travail propice \u00e0 l&rsquo;inspiration. Le bureau sur mesure devient un espace cr\u00e9atif. Les \u00e9tag\u00e8res, armoires ou plateaux de table r\u00e9sistent \u00e0 toutes les charges gr\u00e2ce \u00e0 des mat\u00e9riaux &hellip;\" \/>\n<meta property=\"og:url\" content=\"https:\/\/invido.de\/fr\/meubles-sur-mesure\/meubles-encastres\/meubles-de-bureau\/\" \/>\n<meta property=\"og:site_name\" content=\"InVIDO\" \/>\n<meta property=\"article:modified_time\" content=\"2022-07-29T14:37:56+00:00\" \/>\n<meta property=\"og:image\" content=\"https:\/\/invido.de\/media\/2022\/07\/1-home_office-funktionell-aktenschrank-individuell-invido.jpg\" \/>\n\t<meta property=\"og:image:width\" content=\"2000\" \/>\n\t<meta property=\"og:image:height\" content=\"1402\" \/>\n\t<meta property=\"og:image:type\" content=\"image\/jpeg\" \/>\n<meta name=\"twitter:card\" content=\"summary_large_image\" \/>\n<meta name=\"twitter:label1\" content=\"Dur\u00e9e de lecture estim\u00e9e\" \/>\n\t<meta name=\"twitter:data1\" content=\"1 minute\" \/>\n<script type=\"application\/ld+json\" class=\"yoast-schema-graph\">{\"@context\":\"https:\/\/schema.org\",\"@graph\":[{\"@type\":\"WebPage\",\"@id\":\"https:\/\/invido.de\/fr\/meubles-sur-mesure\/meubles-encastres\/meubles-de-bureau\/\",\"url\":\"https:\/\/invido.de\/fr\/meubles-sur-mesure\/meubles-encastres\/meubles-de-bureau\/\",\"name\":\"Meubles de bureau - InVIDO\",\"isPartOf\":{\"@id\":\"https:\/\/invido.de\/fr\/#website\"},\"primaryImageOfPage\":{\"@id\":\"https:\/\/invido.de\/fr\/meubles-sur-mesure\/meubles-encastres\/meubles-de-bureau\/#primaryimage\"},\"image\":{\"@id\":\"https:\/\/invido.de\/fr\/meubles-sur-mesure\/meubles-encastres\/meubles-de-bureau\/#primaryimage\"},\"thumbnailUrl\":\"https:\/\/invido.de\/media\/2022\/07\/1-home_office-funktionell-aktenschrank-individuell-invido.jpg\",\"datePublished\":\"2022-07-22T12:30:30+00:00\",\"dateModified\":\"2022-07-29T14:37:56+00:00\",\"breadcrumb\":{\"@id\":\"https:\/\/invido.de\/fr\/meubles-sur-mesure\/meubles-encastres\/meubles-de-bureau\/#breadcrumb\"},\"inLanguage\":\"fr-FR\",\"potentialAction\":[{\"@type\":\"ReadAction\",\"target\":[\"https:\/\/invido.de\/fr\/meubles-sur-mesure\/meubles-encastres\/meubles-de-bureau\/\"]}]},{\"@type\":\"ImageObject\",\"inLanguage\":\"fr-FR\",\"@id\":\"https:\/\/invido.de\/fr\/meubles-sur-mesure\/meubles-encastres\/meubles-de-bureau\/#primaryimage\",\"url\":\"https:\/\/invido.de\/media\/2022\/07\/1-home_office-funktionell-aktenschrank-individuell-invido.jpg\",\"contentUrl\":\"https:\/\/invido.de\/media\/2022\/07\/1-home_office-funktionell-aktenschrank-individuell-invido.jpg\",\"width\":2000,\"height\":1402},{\"@type\":\"BreadcrumbList\",\"@id\":\"https:\/\/invido.de\/fr\/meubles-sur-mesure\/meubles-encastres\/meubles-de-bureau\/#breadcrumb\",\"itemListElement\":[{\"@type\":\"ListItem\",\"position\":1,\"name\":\"Startseite\",\"item\":\"https:\/\/invido.de\/fr\/\"},{\"@type\":\"ListItem\",\"position\":2,\"name\":\"Meubles sur mesure\",\"item\":\"https:\/\/invido.de\/fr\/meubles-sur-mesure\/\"},{\"@type\":\"ListItem\",\"position\":3,\"name\":\"Meubles solitaires\",\"item\":\"https:\/\/invido.de\/fr\/meubles-sur-mesure\/solitaire\/\"},{\"@type\":\"ListItem\",\"position\":4,\"name\":\"Meubles de bureau\"}]},{\"@type\":\"WebSite\",\"@id\":\"https:\/\/invido.de\/fr\/#website\",\"url\":\"https:\/\/invido.de\/fr\/\",\"name\":\"InVIDO\",\"description\":\"\",\"potentialAction\":[{\"@type\":\"SearchAction\",\"target\":{\"@type\":\"EntryPoint\",\"urlTemplate\":\"https:\/\/invido.de\/fr\/?s={search_term_string}\"},\"query-input\":{\"@type\":\"PropertyValueSpecification\",\"valueRequired\":true,\"valueName\":\"search_term_string\"}}],\"inLanguage\":\"fr-FR\"}]}<\/script>\n<!-- \/ Yoast SEO plugin. -->","yoast_head_json":{"title":"Meubles de bureau - InVIDO","robots":{"index":"index","follow":"follow","max-snippet":"max-snippet:-1","max-image-preview":"max-image-preview:large","max-video-preview":"max-video-preview:-1"},"canonical":"https:\/\/invido.de\/fr\/meubles-sur-mesure\/meubles-encastres\/meubles-de-bureau\/","og_locale":"fr_FR","og_type":"article","og_title":"Meubles de bureau - InVIDO","og_description":"Qu&rsquo;il s&rsquo;agisse d&rsquo;un poste de travail d&rsquo;entreprise ou d&rsquo;un bureau \u00e0 domicile, le bureau moderne allie fonctionnalit\u00e9 et ergonomie \u00e0 un design attrayant pour une atmosph\u00e8re de travail propice \u00e0 l&rsquo;inspiration. Le bureau sur mesure devient un espace cr\u00e9atif. Les \u00e9tag\u00e8res, armoires ou plateaux de table r\u00e9sistent \u00e0 toutes les charges gr\u00e2ce \u00e0 des mat\u00e9riaux &hellip;","og_url":"https:\/\/invido.de\/fr\/meubles-sur-mesure\/meubles-encastres\/meubles-de-bureau\/","og_site_name":"InVIDO","article_modified_time":"2022-07-29T14:37:56+00:00","og_image":[{"width":2000,"height":1402,"url":"https:\/\/invido.de\/media\/2022\/07\/1-home_office-funktionell-aktenschrank-individuell-invido.jpg","type":"image\/jpeg"}],"twitter_card":"summary_large_image","twitter_misc":{"Dur\u00e9e de lecture estim\u00e9e":"1 minute"},"schema":{"@context":"https:\/\/schema.org","@graph":[{"@type":"WebPage","@id":"https:\/\/invido.de\/fr\/meubles-sur-mesure\/meubles-encastres\/meubles-de-bureau\/","url":"https:\/\/invido.de\/fr\/meubles-sur-mesure\/meubles-encastres\/meubles-de-bureau\/","name":"Meubles de bureau - InVIDO","isPartOf":{"@id":"https:\/\/invido.de\/fr\/#website"},"primaryImageOfPage":{"@id":"https:\/\/invido.de\/fr\/meubles-sur-mesure\/meubles-encastres\/meubles-de-bureau\/#primaryimage"},"image":{"@id":"https:\/\/invido.de\/fr\/meubles-sur-mesure\/meubles-encastres\/meubles-de-bureau\/#primaryimage"},"thumbnailUrl":"https:\/\/invido.de\/media\/2022\/07\/1-home_office-funktionell-aktenschrank-individuell-invido.jpg","datePublished":"2022-07-22T12:30:30+00:00","dateModified":"2022-07-29T14:37:56+00:00","breadcrumb":{"@id":"https:\/\/invido.de\/fr\/meubles-sur-mesure\/meubles-encastres\/meubles-de-bureau\/#breadcrumb"},"inLanguage":"fr-FR","potentialAction":[{"@type":"ReadAction","target":["https:\/\/invido.de\/fr\/meubles-sur-mesure\/meubles-encastres\/meubles-de-bureau\/"]}]},{"@type":"ImageObject","inLanguage":"fr-FR","@id":"https:\/\/invido.de\/fr\/meubles-sur-mesure\/meubles-encastres\/meubles-de-bureau\/#primaryimage","url":"https:\/\/invido.de\/media\/2022\/07\/1-home_office-funktionell-aktenschrank-individuell-invido.jpg","contentUrl":"https:\/\/invido.de\/media\/2022\/07\/1-home_office-funktionell-aktenschrank-individuell-invido.jpg","width":2000,"height":1402},{"@type":"BreadcrumbList","@id":"https:\/\/invido.de\/fr\/meubles-sur-mesure\/meubles-encastres\/meubles-de-bureau\/#breadcrumb","itemListElement":[{"@type":"ListItem","position":1,"name":"Startseite","item":"https:\/\/invido.de\/fr\/"},{"@type":"ListItem","position":2,"name":"Meubles sur mesure","item":"https:\/\/invido.de\/fr\/meubles-sur-mesure\/"},{"@type":"ListItem","position":3,"name":"Meubles solitaires","item":"https:\/\/invido.de\/fr\/meubles-sur-mesure\/solitaire\/"},{"@type":"ListItem","position":4,"name":"Meubles de bureau"}]},{"@type":"WebSite","@id":"https:\/\/invido.de\/fr\/#website","url":"https:\/\/invido.de\/fr\/","name":"InVIDO","description":"","potentialAction":[{"@type":"SearchAction","target":{"@type":"EntryPoint","urlTemplate":"https:\/\/invido.de\/fr\/?s={search_term_string}"},"query-input":{"@type":"PropertyValueSpecification","valueRequired":true,"valueName":"search_term_string"}}],"inLanguage":"fr-FR"}]}},"_links":{"self":[{"href":"https:\/\/invido.de\/fr\/wp-json\/wp\/v2\/pages\/6099","targetHints":{"allow":["GET"]}}],"collection":[{"href":"https:\/\/invido.de\/fr\/wp-json\/wp\/v2\/pages"}],"about":[{"href":"https:\/\/invido.de\/fr\/wp-json\/wp\/v2\/types\/page"}],"author":[{"embeddable":true,"href":"https:\/\/invido.de\/fr\/wp-json\/wp\/v2\/users\/1"}],"replies":[{"embeddable":true,"href":"https:\/\/invido.de\/fr\/wp-json\/wp\/v2\/comments?post=6099"}],"version-history":[{"count":1,"href":"https:\/\/invido.de\/fr\/wp-json\/wp\/v2\/pages\/6099\/revisions"}],"predecessor-version":[{"id":6102,"href":"https:\/\/invido.de\/fr\/wp-json\/wp\/v2\/pages\/6099\/revisions\/6102"}],"up":[{"embeddable":true,"href":"https:\/\/invido.de\/fr\/wp-json\/wp\/v2\/pages\/1978"}],"wp:featuredmedia":[{"embeddable":true,"href":"https:\/\/invido.de\/fr\/wp-json\/wp\/v2\/media\/5328"}],"wp:attachment":[{"href":"https:\/\/invido.de\/fr\/wp-json\/wp\/v2\/media?parent=6099"}],"curies":[{"name":"wp","href":"https:\/\/api.w.org\/{rel}","templated":true}]}}