{"id":6126,"date":"2022-07-22T14:38:28","date_gmt":"2022-07-22T12:38:28","guid":{"rendered":"https:\/\/invido.de\/meubles-sur-mesure\/portes-coulissantes\/schiebetueren-als-raumtueren\/"},"modified":"2022-07-29T16:44:02","modified_gmt":"2022-07-29T14:44:02","slug":"portes-de-separation","status":"publish","type":"page","link":"https:\/\/invido.de\/fr\/meubles-sur-mesure\/portes-coulissantes\/portes-de-separation\/","title":{"rendered":"Portes de s\u00e9paration"},"content":{"rendered":"<p>Les portes coulissantes offrent la possibilit\u00e9 d&rsquo;utiliser les pi\u00e8ces de mani\u00e8re polyvalente et, si n\u00e9cessaire, de transformer rapidement des lofts spacieux en petits espaces de vie et de les s\u00e9parer par th\u00e8me. Elles cr\u00e9ent ainsi des zones de repos, des chill corners, des coins de jeu et de lecture qui peuvent \u00eatre rapidement r\u00e9unis en une grande pi\u00e8ce familiale.<\/p>\n<p>Les portes coulissantes sont utilis\u00e9es de mani\u00e8re presque classique pour s\u00e9parer l&rsquo;espace repas de l&rsquo;espace cuisine ou pour ouvrir sur un grand espace repas\/s\u00e9jour.<\/p>\n","protected":false},"excerpt":{"rendered":"<p>Les portes coulissantes offrent la possibilit\u00e9 d&rsquo;utiliser les pi\u00e8ces de mani\u00e8re polyvalente et, si n\u00e9cessaire, de transformer rapidement des lofts spacieux en petits espaces de vie et de les s\u00e9parer par th\u00e8me. Elles cr\u00e9ent ainsi des zones de repos, des chill corners, des coins de jeu et de lecture qui peuvent \u00eatre rapidement r\u00e9unis en &hellip;<\/p>\n","protected":false},"author":1,"featured_media":5487,"parent":5020,"menu_order":0,"comment_status":"closed","ping_status":"closed","template":"","meta":{"footnotes":""},"class_list":["post-6126","page","type-page","status-publish","has-post-thumbnail"],"yoast_head":"<!-- This site is optimized with the Yoast SEO plugin v26.2 - https:\/\/yoast.com\/wordpress\/plugins\/seo\/ -->\n<title>Portes de s\u00e9paration - InVIDO<\/title>\n<meta name=\"robots\" content=\"index, follow, max-snippet:-1, max-image-preview:large, max-video-preview:-1\" \/>\n<link rel=\"canonical\" href=\"https:\/\/invido.de\/fr\/meubles-sur-mesure\/portes-coulissantes\/portes-de-separation\/\" \/>\n<meta property=\"og:locale\" content=\"fr_FR\" \/>\n<meta property=\"og:type\" content=\"article\" \/>\n<meta property=\"og:title\" content=\"Portes de s\u00e9paration - InVIDO\" \/>\n<meta property=\"og:description\" content=\"Les portes coulissantes offrent la possibilit\u00e9 d&rsquo;utiliser les pi\u00e8ces de mani\u00e8re polyvalente et, si n\u00e9cessaire, de transformer rapidement des lofts spacieux en petits espaces de vie et de les s\u00e9parer par th\u00e8me. Elles cr\u00e9ent ainsi des zones de repos, des chill corners, des coins de jeu et de lecture qui peuvent \u00eatre rapidement r\u00e9unis en &hellip;\" \/>\n<meta property=\"og:url\" content=\"https:\/\/invido.de\/fr\/meubles-sur-mesure\/portes-coulissantes\/portes-de-separation\/\" \/>\n<meta property=\"og:site_name\" content=\"InVIDO\" \/>\n<meta property=\"article:modified_time\" content=\"2022-07-29T14:44:02+00:00\" \/>\n<meta property=\"og:image\" content=\"https:\/\/invido.de\/media\/2022\/07\/8-schiebetuer-glas-individuell-auf_mass-invido.jpg\" \/>\n\t<meta property=\"og:image:width\" content=\"2000\" \/>\n\t<meta property=\"og:image:height\" content=\"1386\" \/>\n\t<meta property=\"og:image:type\" content=\"image\/jpeg\" \/>\n<meta name=\"twitter:card\" content=\"summary_large_image\" \/>\n<script type=\"application\/ld+json\" class=\"yoast-schema-graph\">{\"@context\":\"https:\/\/schema.org\",\"@graph\":[{\"@type\":\"WebPage\",\"@id\":\"https:\/\/invido.de\/fr\/meubles-sur-mesure\/portes-coulissantes\/portes-de-separation\/\",\"url\":\"https:\/\/invido.de\/fr\/meubles-sur-mesure\/portes-coulissantes\/portes-de-separation\/\",\"name\":\"Portes de s\u00e9paration - InVIDO\",\"isPartOf\":{\"@id\":\"https:\/\/invido.de\/fr\/#website\"},\"primaryImageOfPage\":{\"@id\":\"https:\/\/invido.de\/fr\/meubles-sur-mesure\/portes-coulissantes\/portes-de-separation\/#primaryimage\"},\"image\":{\"@id\":\"https:\/\/invido.de\/fr\/meubles-sur-mesure\/portes-coulissantes\/portes-de-separation\/#primaryimage\"},\"thumbnailUrl\":\"https:\/\/invido.de\/media\/2022\/07\/8-schiebetuer-glas-individuell-auf_mass-invido.jpg\",\"datePublished\":\"2022-07-22T12:38:28+00:00\",\"dateModified\":\"2022-07-29T14:44:02+00:00\",\"breadcrumb\":{\"@id\":\"https:\/\/invido.de\/fr\/meubles-sur-mesure\/portes-coulissantes\/portes-de-separation\/#breadcrumb\"},\"inLanguage\":\"fr-FR\",\"potentialAction\":[{\"@type\":\"ReadAction\",\"target\":[\"https:\/\/invido.de\/fr\/meubles-sur-mesure\/portes-coulissantes\/portes-de-separation\/\"]}]},{\"@type\":\"ImageObject\",\"inLanguage\":\"fr-FR\",\"@id\":\"https:\/\/invido.de\/fr\/meubles-sur-mesure\/portes-coulissantes\/portes-de-separation\/#primaryimage\",\"url\":\"https:\/\/invido.de\/media\/2022\/07\/8-schiebetuer-glas-individuell-auf_mass-invido.jpg\",\"contentUrl\":\"https:\/\/invido.de\/media\/2022\/07\/8-schiebetuer-glas-individuell-auf_mass-invido.jpg\",\"width\":2000,\"height\":1386},{\"@type\":\"BreadcrumbList\",\"@id\":\"https:\/\/invido.de\/fr\/meubles-sur-mesure\/portes-coulissantes\/portes-de-separation\/#breadcrumb\",\"itemListElement\":[{\"@type\":\"ListItem\",\"position\":1,\"name\":\"Startseite\",\"item\":\"https:\/\/invido.de\/fr\/\"},{\"@type\":\"ListItem\",\"position\":2,\"name\":\"Meubles sur mesure\",\"item\":\"https:\/\/invido.de\/fr\/meubles-sur-mesure\/\"},{\"@type\":\"ListItem\",\"position\":3,\"name\":\"Portes coulissantes\",\"item\":\"https:\/\/invido.de\/fr\/meubles-sur-mesure\/portes-coulissantes\/\"},{\"@type\":\"ListItem\",\"position\":4,\"name\":\"Portes de s\u00e9paration\"}]},{\"@type\":\"WebSite\",\"@id\":\"https:\/\/invido.de\/fr\/#website\",\"url\":\"https:\/\/invido.de\/fr\/\",\"name\":\"InVIDO\",\"description\":\"\",\"potentialAction\":[{\"@type\":\"SearchAction\",\"target\":{\"@type\":\"EntryPoint\",\"urlTemplate\":\"https:\/\/invido.de\/fr\/?s={search_term_string}\"},\"query-input\":{\"@type\":\"PropertyValueSpecification\",\"valueRequired\":true,\"valueName\":\"search_term_string\"}}],\"inLanguage\":\"fr-FR\"}]}<\/script>\n<!-- \/ Yoast SEO plugin. -->","yoast_head_json":{"title":"Portes de s\u00e9paration - InVIDO","robots":{"index":"index","follow":"follow","max-snippet":"max-snippet:-1","max-image-preview":"max-image-preview:large","max-video-preview":"max-video-preview:-1"},"canonical":"https:\/\/invido.de\/fr\/meubles-sur-mesure\/portes-coulissantes\/portes-de-separation\/","og_locale":"fr_FR","og_type":"article","og_title":"Portes de s\u00e9paration - InVIDO","og_description":"Les portes coulissantes offrent la possibilit\u00e9 d&rsquo;utiliser les pi\u00e8ces de mani\u00e8re polyvalente et, si n\u00e9cessaire, de transformer rapidement des lofts spacieux en petits espaces de vie et de les s\u00e9parer par th\u00e8me. Elles cr\u00e9ent ainsi des zones de repos, des chill corners, des coins de jeu et de lecture qui peuvent \u00eatre rapidement r\u00e9unis en &hellip;","og_url":"https:\/\/invido.de\/fr\/meubles-sur-mesure\/portes-coulissantes\/portes-de-separation\/","og_site_name":"InVIDO","article_modified_time":"2022-07-29T14:44:02+00:00","og_image":[{"width":2000,"height":1386,"url":"https:\/\/invido.de\/media\/2022\/07\/8-schiebetuer-glas-individuell-auf_mass-invido.jpg","type":"image\/jpeg"}],"twitter_card":"summary_large_image","schema":{"@context":"https:\/\/schema.org","@graph":[{"@type":"WebPage","@id":"https:\/\/invido.de\/fr\/meubles-sur-mesure\/portes-coulissantes\/portes-de-separation\/","url":"https:\/\/invido.de\/fr\/meubles-sur-mesure\/portes-coulissantes\/portes-de-separation\/","name":"Portes de s\u00e9paration - InVIDO","isPartOf":{"@id":"https:\/\/invido.de\/fr\/#website"},"primaryImageOfPage":{"@id":"https:\/\/invido.de\/fr\/meubles-sur-mesure\/portes-coulissantes\/portes-de-separation\/#primaryimage"},"image":{"@id":"https:\/\/invido.de\/fr\/meubles-sur-mesure\/portes-coulissantes\/portes-de-separation\/#primaryimage"},"thumbnailUrl":"https:\/\/invido.de\/media\/2022\/07\/8-schiebetuer-glas-individuell-auf_mass-invido.jpg","datePublished":"2022-07-22T12:38:28+00:00","dateModified":"2022-07-29T14:44:02+00:00","breadcrumb":{"@id":"https:\/\/invido.de\/fr\/meubles-sur-mesure\/portes-coulissantes\/portes-de-separation\/#breadcrumb"},"inLanguage":"fr-FR","potentialAction":[{"@type":"ReadAction","target":["https:\/\/invido.de\/fr\/meubles-sur-mesure\/portes-coulissantes\/portes-de-separation\/"]}]},{"@type":"ImageObject","inLanguage":"fr-FR","@id":"https:\/\/invido.de\/fr\/meubles-sur-mesure\/portes-coulissantes\/portes-de-separation\/#primaryimage","url":"https:\/\/invido.de\/media\/2022\/07\/8-schiebetuer-glas-individuell-auf_mass-invido.jpg","contentUrl":"https:\/\/invido.de\/media\/2022\/07\/8-schiebetuer-glas-individuell-auf_mass-invido.jpg","width":2000,"height":1386},{"@type":"BreadcrumbList","@id":"https:\/\/invido.de\/fr\/meubles-sur-mesure\/portes-coulissantes\/portes-de-separation\/#breadcrumb","itemListElement":[{"@type":"ListItem","position":1,"name":"Startseite","item":"https:\/\/invido.de\/fr\/"},{"@type":"ListItem","position":2,"name":"Meubles sur mesure","item":"https:\/\/invido.de\/fr\/meubles-sur-mesure\/"},{"@type":"ListItem","position":3,"name":"Portes coulissantes","item":"https:\/\/invido.de\/fr\/meubles-sur-mesure\/portes-coulissantes\/"},{"@type":"ListItem","position":4,"name":"Portes de s\u00e9paration"}]},{"@type":"WebSite","@id":"https:\/\/invido.de\/fr\/#website","url":"https:\/\/invido.de\/fr\/","name":"InVIDO","description":"","potentialAction":[{"@type":"SearchAction","target":{"@type":"EntryPoint","urlTemplate":"https:\/\/invido.de\/fr\/?s={search_term_string}"},"query-input":{"@type":"PropertyValueSpecification","valueRequired":true,"valueName":"search_term_string"}}],"inLanguage":"fr-FR"}]}},"_links":{"self":[{"href":"https:\/\/invido.de\/fr\/wp-json\/wp\/v2\/pages\/6126","targetHints":{"allow":["GET"]}}],"collection":[{"href":"https:\/\/invido.de\/fr\/wp-json\/wp\/v2\/pages"}],"about":[{"href":"https:\/\/invido.de\/fr\/wp-json\/wp\/v2\/types\/page"}],"author":[{"embeddable":true,"href":"https:\/\/invido.de\/fr\/wp-json\/wp\/v2\/users\/1"}],"replies":[{"embeddable":true,"href":"https:\/\/invido.de\/fr\/wp-json\/wp\/v2\/comments?post=6126"}],"version-history":[{"count":1,"href":"https:\/\/invido.de\/fr\/wp-json\/wp\/v2\/pages\/6126\/revisions"}],"predecessor-version":[{"id":6129,"href":"https:\/\/invido.de\/fr\/wp-json\/wp\/v2\/pages\/6126\/revisions\/6129"}],"up":[{"embeddable":true,"href":"https:\/\/invido.de\/fr\/wp-json\/wp\/v2\/pages\/5020"}],"wp:featuredmedia":[{"embeddable":true,"href":"https:\/\/invido.de\/fr\/wp-json\/wp\/v2\/media\/5487"}],"wp:attachment":[{"href":"https:\/\/invido.de\/fr\/wp-json\/wp\/v2\/media?parent=6126"}],"curies":[{"name":"wp","href":"https:\/\/api.w.org\/{rel}","templated":true}]}}